{"id":23,"date":"2021-08-30T09:53:02","date_gmt":"2021-08-30T09:53:02","guid":{"rendered":"http:\/\/szepsegesszenciakozmetika.hu\/?page_id=23"},"modified":"2024-11-20T14:26:24","modified_gmt":"2024-11-20T14:26:24","slug":"biodroga-kezelesek-almenupont","status":"publish","type":"page","link":"https:\/\/szepsegesszenciakozmetika.hu\/index.php\/biodroga-kezelesek-almenupont\/","title":{"rendered":"BIODROGA kezel\u00e9sek (almen\u00fcpont)"},"content":{"rendered":"\t\t<div data-elementor-type=\"wp-page\" data-elementor-id=\"23\" class=\"elementor elementor-23\" data-elementor-settings=\"[]\">\n\t\t\t\t\t\t\t<div class=\"elementor-section-wrap\">\n\t\t\t\t\t\t\t<section class=\"elementor-section elementor-top-section elementor-element elementor-element-00a05be elementor-section-full_width elementor-section-stretched elementor-section-height-default elementor-section-height-default\" data-id=\"00a05be\" data-element_type=\"section\" data-settings=\"{&quot;stretch_section&quot;:&quot;section-stretched&quot;,&quot;background_background&quot;:&quot;classic&quot;}\">\n\t\t\t\t\t\t<div class=\"elementor-container elementor-column-gap-default\">\n\t\t\t\t\t<div class=\"elementor-column elementor-col-50 elementor-top-column elementor-element elementor-element-7062a00\" data-id=\"7062a00\" data-element_type=\"column\">\n\t\t\t<div class=\"elementor-widget-wrap elementor-element-populated\">\n\t\t\t\t\t\t\t\t<div class=\"elementor-element elementor-element-d01fbd4 elementor-widget elementor-widget-image\" data-id=\"d01fbd4\" data-element_type=\"widget\" data-widget_type=\"image.default\">\n\t\t\t\t<div class=\"elementor-widget-container\">\n\t\t\t\t\t\t\t\t\t\t\t\t\t\t\t<img decoding=\"async\" src=\"https:\/\/szepsegesszenciakozmetika.hu\/wp-content\/uploads\/elementor\/thumbs\/szepsegesszencia_kezeles2-scaled-pqbbmyselanksx2e24h3ybsqepdrfl2ulp96y26e1s.jpg\" title=\"szepsegesszencia_kezeles2\" alt=\"szepsegesszencia_kezeles2\" \/>\t\t\t\t\t\t\t\t\t\t\t\t\t\t\t<\/div>\n\t\t\t\t<\/div>\n\t\t\t\t\t<\/div>\n\t\t<\/div>\n\t\t\t\t<div class=\"elementor-column elementor-col-50 elementor-top-column elementor-element elementor-element-9837527\" data-id=\"9837527\" data-element_type=\"column\">\n\t\t\t<div class=\"elementor-widget-wrap elementor-element-populated\">\n\t\t\t\t\t\t\t\t<div class=\"elementor-element elementor-element-7358007 elementor-invisible elementor-widget elementor-widget-heading\" data-id=\"7358007\" data-element_type=\"widget\" data-settings=\"{&quot;_animation&quot;:&quot;fadeInDown&quot;}\" data-widget_type=\"heading.default\">\n\t\t\t\t<div class=\"elementor-widget-container\">\n\t\t\t<h2 class=\"elementor-heading-title elementor-size-default\">A BIODROGA kezel\u00e9sekr\u0151l<\/h2>\t\t<\/div>\n\t\t\t\t<\/div>\n\t\t\t\t<div class=\"elementor-element elementor-element-bc89d8a elementor-widget elementor-widget-text-editor\" data-id=\"bc89d8a\" data-element_type=\"widget\" data-widget_type=\"text-editor.default\">\n\t\t\t\t<div class=\"elementor-widget-container\">\n\t\t\t\t\t\t\t<p>A BIODROGA m\u00e1rka \u00e9s term\u00e9kei az 1950-es \u00e9vek v\u00e9g\u00e9n sz\u00fcletett a n\u00e9metorsz\u00e1gi Baden-Baden v\u00e1ros\u00e1ban, amit a sz\u00e9ps\u00e9g forr\u00e1s\u00e1nak is neveznek. M\u00e1ra a BIODROGA vil\u00e1gm\u00e9ret\u0171re n\u0151tte ki mag\u00e1t, m\u00edg napjainkban is Baden-Baden ad otthont a m\u00e1rk\u00e1nak eg\u00e9szen a term\u00e9kfejleszt\u00e9st\u0151l a gy\u00e1rt\u00e1sig, ugyanis a BIODROGA a gy\u00f3gyszer\u00e9szeti tisztas\u00e1g\u00fa term\u00e9keit szigor\u00fa min\u0151s\u00e9gbiztos\u00edt\u00e1s mellett saj\u00e1t gy\u00e1rt\u00e1sban \u00e1ll\u00edtja el\u0151.<\/p><p>K\u00e9sz\u00edtm\u00e9nyei megalkot\u00e1s\u00e1n\u00e1l szem el\u0151tt tartj\u00e1k, hogy term\u00e9kei legink\u00e1bb b\u0151rbar\u00e1tok \u00e9s legkev\u00e9sb\u00e9 allergiz\u00e1l\u00f3ak legyenek.<\/p><p>2014 \u00f3ta az \u00f6sszes formul\u00e1b\u00f3l kiker\u00fcltek az \u00e1sv\u00e1nyi olajok \u00e9s parab\u00e9nek, m\u00edg a term\u00e9kek tov\u00e1bbi nagy h\u00e1nyada szilikonokat, emulge\u00e1torokat, szintetikus sz\u00ednez\u00e9skeket, illatanyagokat, \u00e1llati eredet\u0171 \u00f6sszetev\u0151ket, ethanolaminokat, szulf\u00e1tokat sem tartalmaz.\u00a0A BIODROGA \u00e1llatk\u00eds\u00e9rleteket sem folytat a term\u00e9kfejleszt\u00e9sek sor\u00e1n.<\/p><p>A term\u00e9keket magas hat\u00f3anyag tartalom \u00e9s hat\u00e9kony\u00e1g jellemzi, \u00edgy a kozmetikai kezel\u00e9s sor\u00e1n a kellemes text\u00far\u00e1k \u00e9s biztons\u00e1gos term\u00e9kek k\u00e9nyeztet\u0151 hat\u00e1s\u00e1t \u00e9lvezhetj\u00fck.<\/p>\t\t\t\t\t\t<\/div>\n\t\t\t\t<\/div>\n\t\t\t\t\t<\/div>\n\t\t<\/div>\n\t\t\t\t\t\t\t<\/div>\n\t\t<\/section>\n\t\t\t\t<section class=\"elementor-section elementor-top-section elementor-element elementor-element-f00ff80 elementor-section-full_width elementor-section-stretched elementor-section-height-default elementor-section-height-default\" data-id=\"f00ff80\" data-element_type=\"section\" data-settings=\"{&quot;stretch_section&quot;:&quot;section-stretched&quot;,&quot;background_background&quot;:&quot;classic&quot;}\">\n\t\t\t\t\t\t<div class=\"elementor-container elementor-column-gap-default\">\n\t\t\t\t\t<div class=\"elementor-column elementor-col-100 elementor-top-column elementor-element elementor-element-0db2114\" data-id=\"0db2114\" data-element_type=\"column\">\n\t\t\t<div class=\"elementor-widget-wrap elementor-element-populated\">\n\t\t\t\t\t\t\t\t<section class=\"elementor-section elementor-inner-section elementor-element elementor-element-ffaa380 elementor-section-boxed elementor-section-height-default elementor-section-height-default\" data-id=\"ffaa380\" data-element_type=\"section\" data-settings=\"{&quot;background_background&quot;:&quot;classic&quot;}\">\n\t\t\t\t\t\t\t<div class=\"elementor-background-overlay\"><\/div>\n\t\t\t\t\t\t\t<div class=\"elementor-container elementor-column-gap-default\">\n\t\t\t\t\t<div class=\"elementor-column elementor-col-50 elementor-inner-column elementor-element elementor-element-1cf0d5d\" data-id=\"1cf0d5d\" data-element_type=\"column\" data-settings=\"{&quot;background_background&quot;:&quot;classic&quot;}\">\n\t\t\t<div class=\"elementor-widget-wrap elementor-element-populated\">\n\t\t\t\t\t\t\t\t<div class=\"elementor-element elementor-element-e89d301 elementor-widget elementor-widget-menu-anchor\" data-id=\"e89d301\" data-element_type=\"widget\" data-widget_type=\"menu-anchor.default\">\n\t\t\t\t<div class=\"elementor-widget-container\">\n\t\t\t\t\t<div id=\"bio\" class=\"elementor-menu-anchor\"><\/div>\n\t\t\t\t<\/div>\n\t\t\t\t<\/div>\n\t\t\t\t<div class=\"elementor-element elementor-element-20f8e1a elementor-invisible elementor-widget elementor-widget-heading\" data-id=\"20f8e1a\" data-element_type=\"widget\" data-settings=\"{&quot;_animation&quot;:&quot;fadeInDown&quot;}\" data-widget_type=\"heading.default\">\n\t\t\t\t<div class=\"elementor-widget-container\">\n\t\t\t<h2 class=\"elementor-heading-title elementor-size-default\">BIODROGA kezel\u00e9sek:<\/h2>\t\t<\/div>\n\t\t\t\t<\/div>\n\t\t\t\t<div class=\"elementor-element elementor-element-9dbbb8f elementor-icon-list--layout-traditional elementor-list-item-link-full_width elementor-widget elementor-widget-icon-list\" data-id=\"9dbbb8f\" data-element_type=\"widget\" data-widget_type=\"icon-list.default\">\n\t\t\t\t<div class=\"elementor-widget-container\">\n\t\t\t\t\t<ul class=\"elementor-icon-list-items\">\n\t\t\t\t\t\t\t<li class=\"elementor-icon-list-item\">\n\t\t\t\t\t\t\t\t\t\t\t<span class=\"elementor-icon-list-icon\">\n\t\t\t\t\t\t\t<i aria-hidden=\"true\" class=\"fas fa-check\"><\/i>\t\t\t\t\t\t<\/span>\n\t\t\t\t\t\t\t\t\t\t<span class=\"elementor-icon-list-text\">Perfect Age V-lifting arcszobr\u00e1szat<\/span>\n\t\t\t\t\t\t\t\t\t<\/li>\n\t\t\t\t\t\t<\/ul>\n\t\t\t\t<\/div>\n\t\t\t\t<\/div>\n\t\t\t\t<div class=\"elementor-element elementor-element-1a7f9bf elementor-widget elementor-widget-text-editor\" data-id=\"1a7f9bf\" data-element_type=\"widget\" data-widget_type=\"text-editor.default\">\n\t\t\t\t<div class=\"elementor-widget-container\">\n\t\t\t\t\t\t\t<p>A kezel\u00e9s\u00a0c\u00e9lja, hogy az arc visszanyerje fiatalos V-form\u00e1j\u00e1t, ezt a rejuven\u00e1ci\u00f3s folyamatot\u00a0 hat\u00f3anyagokkal, speci\u00e1lis massz\u00e1zzsal \u00e9s maszkkal t\u00e1mogatjuk, \u00edgy visszaadjuk az arcnak a ragyog\u00e1s\u00e1t \u00e9s a V-form\u00e1j\u00e1t.\u00a0<\/p><p>A kezel\u00e9s k\u00faraszer\u0171en (6-8 h\u00e9ten \u00e1t, heti egyszer) Perfect Age otthon\u00e1pol\u00e1si term\u00e9kekkel t\u00e1mogatva aj\u00e1nlott a maxim\u00e1lis eredm\u00e9ny el\u00e9r\u00e9se \u00e9rdek\u00e9ben.\u00a0<\/p>\t\t\t\t\t\t<\/div>\n\t\t\t\t<\/div>\n\t\t\t\t<div class=\"elementor-element elementor-element-5caee53 elementor-icon-list--layout-traditional elementor-list-item-link-full_width elementor-widget elementor-widget-icon-list\" data-id=\"5caee53\" data-element_type=\"widget\" data-widget_type=\"icon-list.default\">\n\t\t\t\t<div class=\"elementor-widget-container\">\n\t\t\t\t\t<ul class=\"elementor-icon-list-items\">\n\t\t\t\t\t\t\t<li class=\"elementor-icon-list-item\">\n\t\t\t\t\t\t\t\t\t\t\t<span class=\"elementor-icon-list-icon\">\n\t\t\t\t\t\t\t<i aria-hidden=\"true\" class=\"fas fa-check\"><\/i>\t\t\t\t\t\t<\/span>\n\t\t\t\t\t\t\t\t\t\t<span class=\"elementor-icon-list-text\">Savas h\u00e1mlaszt\u00e1s hat\u00f3anyagbevitellel<\/span>\n\t\t\t\t\t\t\t\t\t<\/li>\n\t\t\t\t\t\t<\/ul>\n\t\t\t\t<\/div>\n\t\t\t\t<\/div>\n\t\t\t\t<div class=\"elementor-element elementor-element-2c5541e elementor-widget elementor-widget-text-editor\" data-id=\"2c5541e\" data-element_type=\"widget\" data-widget_type=\"text-editor.default\">\n\t\t\t\t<div class=\"elementor-widget-container\">\n\t\t\t\t\t\t\t<hr \/><hr \/><p>A Biodroga savas kezel\u00e9s, vagy m\u00e1s sz\u00f3val savas h\u00e1mlaszt\u00e1s\u00a0egy \u00fagynevezett felsz\u00edni peeling, ami azt jelenti, hogy a h\u00e1mlaszt\u00e1s csak a\u00a0b\u0151rfelsz\u00ednt \u00e9rinti.\u00a0<span style=\"font-size: 14px; color: var( --e-global-color-1c18759 );\">A <\/span><b style=\"font-size: 14px; color: var( --e-global-color-1c18759 );\">Biodroga savas h\u00e1mlaszt\u00e1s el\u0151nyei<\/b><span style=\"font-size: 14px; color: var( --e-global-color-1c18759 );\">, hogy nincs<br \/>fel\u00e9p\u00fcl\u00e9si id\u0151, a kezel\u00e9st k\u00f6vet\u0151en megjelen\u0151 b\u0151rp\u00edr is r\u00f6vid id\u0151n bel\u00fcl\u00a0elm\u00falik, teh\u00e1t a kezel\u00e9s k\u00f6vet\u0151en r\u00f6gt\u00f6n vissza lehet t\u00e9rni a mindennapi\u00a0teend\u0151kh\u00f6z.\u00a0<\/span><span style=\"font-size: 14px; color: var( --e-global-color-1c18759 );\">A savak l\u00e1tv\u00e1nyosan k\u00e9pesek meg\u00faj\u00edtani a b\u0151rt, szinte minden\u00a0b\u0151r sz\u00e1m\u00e1ra el\u0151ny\u00f6s hat\u00e1ssal b\u00edrnak.<\/span><\/p><p><b>Milyen b\u0151rt\u00fcnetek est\u00e9n gondoljuk savas kezel\u00e9sre?<\/b><\/p><p><strong>\u2665 dehidrat\u00e1lt, meg\u00fajul\u00e1sra v\u00e1gy\u00f3 b\u0151r eset\u00e9n<\/strong><\/p><p><strong>\u2665 pigmentfoltok halv\u00e1ny\u00edt\u00e1sa, egys\u00e9gesebb b\u0151rsz\u00edn el\u00e9r\u00e9s\u00e9re<\/strong><\/p><p><strong>\u2665 akn\u00e9s t\u00fcnetek, tiszt\u00e1talan, zs\u00edros b\u0151r eset\u00e9n<\/strong><\/p><p><strong>\u2665 r\u00e1ncok kisim\u00edt\u00e1s\u00e1ra c\u00e9lj\u00e1b\u00f3l<\/strong><\/p><p><strong>\u2665 akne ut\u00e1ni hegek finom\u00edt\u00e1s\u00e1ra<\/strong><\/p><p style=\"text-indent: -18.0pt; mso-list: l0 level1 lfo1;\"><span style=\"font-family: Wingdings; mso-fareast-font-family: Wingdings; mso-bidi-font-family: Wingdings; mso-bidi-font-weight: bold;\"><span style=\"font: 7.0pt 'Times New Roman';\">\u00a0 \u00a0 \u00a0 \u00a0 \u00a0\u00a0<\/span><\/span><b style=\"font-size: 14px; color: var( --e-global-color-1c18759 );\">A savas h\u00e1mlaszt\u00e1s t\u00e1mogatja a b\u0151r meg\u00fajul\u00e1s\u00e1t, hidrat\u00e1lts\u00e1g\u00e1t,\u00a0egys\u00e9ges\u00edti a b\u0151rfelsz\u00ednt, finom\u00edtja a p\u00f3rusokat, meger\u0151s\u00edti a\u00a0sejtregener\u00e1ci\u00f3t, n\u00f6veli a b\u0151r v\u00edzmegk\u00f6t\u0151 k\u00e9pess\u00e9g\u00e9t,\u00a0<\/b><b style=\"font-size: 14px; text-indent: -18pt; color: var( --e-global-color-1c18759 );\">teh\u00e1t \u00f6sszess\u00e9g\u00e9ben egy\u00a0frissebb, fiatalosabb b\u0151r \u00e9rhet\u0151 el vele.\u00a0<\/b><\/p><p><span style=\"font-size: 14px; color: var( --e-global-color-1c18759 );\">M\u00e1r egy alkalommal is l\u00e1that\u00f3 a hat\u00e1sa, de <\/span><b style=\"font-size: 14px; color: var( --e-global-color-1c18759 );\">a maxim\u00e1lisa\u00a0eredm\u00e9ny \u00e9rdek\u00e9ben 10-14 naponta, 5-6 alkalmas k\u00far\u00e1ban aj\u00e1nlott<\/b><span style=\"font-size: 14px; color: var( --e-global-color-1c18759 );\">.\u00a0<\/span><span style=\"font-size: 14px; color: var( --e-global-color-1c18759 );\">A kezel\u00e9st k\u00f6vet\u0151en, vagy a k\u00fara id\u0151tartama alatt \u00e9s ut\u00e1n\u00a03-4 h\u00e9tig a kezelt b\u0151rt nem lehet kitenni k\u00f6zvetlen napnak, ez\u00e9rt a savas\u00a0k\u00far\u00e1kat \u0151szt\u0151l tavaszig v\u00e9gezz\u00fck \u00e9s id\u0151j\u00e1r\u00e1st\u00f3l f\u00fcggetlen\u00fcl 50 faktoros\u00a0f\u00e9nyv\u00e9d\u0151 haszn\u00e1lata sz\u00fcks\u00e9ges.<\/span><\/p>\t\t\t\t\t\t<\/div>\n\t\t\t\t<\/div>\n\t\t\t\t<div class=\"elementor-element elementor-element-9d33daa elementor-icon-list--layout-traditional elementor-list-item-link-full_width elementor-widget elementor-widget-icon-list\" data-id=\"9d33daa\" data-element_type=\"widget\" data-widget_type=\"icon-list.default\">\n\t\t\t\t<div class=\"elementor-widget-container\">\n\t\t\t\t\t<ul class=\"elementor-icon-list-items\">\n\t\t\t\t\t\t\t<li class=\"elementor-icon-list-item\">\n\t\t\t\t\t\t\t\t\t\t\t<span class=\"elementor-icon-list-icon\">\n\t\t\t\t\t\t\t<i aria-hidden=\"true\" class=\"fas fa-check\"><\/i>\t\t\t\t\t\t<\/span>\n\t\t\t\t\t\t\t\t\t\t<span class=\"elementor-icon-list-text\">Savas h\u00e1mlaszt\u00e1s mikrot\u0171s hat\u00f3anyagbevitellel kombin\u00e1lva <\/span>\n\t\t\t\t\t\t\t\t\t<\/li>\n\t\t\t\t\t\t<\/ul>\n\t\t\t\t<\/div>\n\t\t\t\t<\/div>\n\t\t\t\t<div class=\"elementor-element elementor-element-6294704 elementor-widget elementor-widget-text-editor\" data-id=\"6294704\" data-element_type=\"widget\" data-widget_type=\"text-editor.default\">\n\t\t\t\t<div class=\"elementor-widget-container\">\n\t\t\t\t\t\t\t\t\t\t\t\t\t<\/div>\n\t\t\t\t<\/div>\n\t\t\t\t<div class=\"elementor-element elementor-element-b97b4b6 elementor-widget elementor-widget-text-editor\" data-id=\"b97b4b6\" data-element_type=\"widget\" data-widget_type=\"text-editor.default\">\n\t\t\t\t<div class=\"elementor-widget-container\">\n\t\t\t\t\t\t\t<p>A savas h\u00e1mlaszt\u00e1s kombin\u00e1lva mikrot\u0171s kezel\u00e9ssel seg\u00edti a hat\u00f3anyagok m\u00e9lyebbre jut\u00e1s\u00e1t, jav\u00edtja a b\u0151r szerkezet\u00e9t, cs\u00f6kkenti a r\u00e1ncok m\u00e9lys\u00e9g\u00e9t, a b\u0151r egyenletesebb\u00e9 v\u00e1lik, a hegek \u00e9s pigmentfoltok halv\u00e1nyulnak.\u00a0<span style=\"font-size: 14px; color: var( --e-global-color-1c18759 );\">A mikrot\u0171s kezel\u00e9s alapj\u00e1t egy \u00fan. dermaroller adja, melyen orvosi f\u00e9mb\u0151l k\u00e9sz\u00fclt t\u0171k tal\u00e1lhat\u00f3k. Az apr\u00f3, finom t\u0171ket v\u00e9gigg\u00f6rgetve a b\u0151r\u00f6n kis p\u00f3rusok keletkeznek. A b\u0151r ezt mikros\u00e9r\u00fcl\u00e9sk\u00e9nt \u00e9rz\u00e9keli, aminek hat\u00e1s\u00e1ra beindulnak a b\u0151r saj\u00e1t gy\u00f3gy\u00edt\u00f3 folyamatai, mely eredm\u00e9nyek\u00e9nt <\/span><strong style=\"font-size: 14px; color: var( --e-global-color-1c18759 );\">\u00faj kollag\u00e9n -, elasztin rostok \u00e9s hialuronsav k\u00e9pz\u0151dik. A b\u0151r t\u00f6m\u00f6rebb\u00e9 v\u00e1lik, v\u00edzmegtart\u00f3 k\u00e9pess\u00e9ge n\u0151.\u00a0<\/strong><span style=\"font-size: 14px; color: var( --e-global-color-1c18759 );\">Mikrot\u0171s kezel\u00e9s sor\u00e1n magas tisztas\u00e1g\u00fa \u00e9s magas hat\u00f3anyagtartalm\u00fa sz\u00e9rumokat haszn\u00e1lva fokozzuk a kezel\u00e9s hat\u00e9konys\u00e1g\u00e1t.<\/span><\/p><p>M\u00e1r egy alkalommal is l\u00e1that\u00f3 a hat\u00e1sa, de <strong>a maxim\u00e1lisa eredm\u00e9ny \u00e9rdek\u00e9ben 2-4 hetente, 3-4-5 alkalmas k\u00far\u00e1ban aj\u00e1nlott<\/strong>.\u00a0<span style=\"font-size: 14px; color: var( --e-global-color-1c18759 );\">A kezel\u00e9st k\u00f6vet\u0151en, vagy a k\u00fara id\u0151tartama alatt \u00e9s ut\u00e1n 3-4 h\u00e9tig a kezelt b\u0151rt nem lehet kitenni k\u00f6zvetlen napnak, ez\u00e9rt a savas k\u00far\u00e1kat \u0151szt\u0151l tavaszig v\u00e9gezz\u00fck \u00e9s id\u0151j\u00e1r\u00e1st\u00f3l f\u00fcggetlen\u00fcl 50 faktoros f\u00e9nyv\u00e9d\u0151 haszn\u00e1lata sz\u00fcks\u00e9ges.<\/span><\/p>\t\t\t\t\t\t<\/div>\n\t\t\t\t<\/div>\n\t\t\t\t\t<\/div>\n\t\t<\/div>\n\t\t\t\t<div class=\"elementor-column elementor-col-50 elementor-inner-column elementor-element elementor-element-1bcc9e6\" data-id=\"1bcc9e6\" data-element_type=\"column\">\n\t\t\t<div class=\"elementor-widget-wrap elementor-element-populated\">\n\t\t\t\t\t\t\t\t<div class=\"elementor-element elementor-element-bfb3d5c elementor-widget elementor-widget-image\" data-id=\"bfb3d5c\" data-element_type=\"widget\" data-widget_type=\"image.default\">\n\t\t\t\t<div class=\"elementor-widget-container\">\n\t\t\t\t\t\t\t\t\t\t\t\t\t\t\t<img loading=\"lazy\" decoding=\"async\" width=\"683\" height=\"1024\" src=\"https:\/\/szepsegesszenciakozmetika.hu\/wp-content\/uploads\/2022\/04\/biodroga_kezelesek-683x1024.jpg\" class=\"attachment-large size-large\" alt=\"\" srcset=\"https:\/\/szepsegesszenciakozmetika.hu\/wp-content\/uploads\/2022\/04\/biodroga_kezelesek-683x1024.jpg 683w, https:\/\/szepsegesszenciakozmetika.hu\/wp-content\/uploads\/2022\/04\/biodroga_kezelesek-200x300.jpg 200w, https:\/\/szepsegesszenciakozmetika.hu\/wp-content\/uploads\/2022\/04\/biodroga_kezelesek-768x1152.jpg 768w, https:\/\/szepsegesszenciakozmetika.hu\/wp-content\/uploads\/2022\/04\/biodroga_kezelesek-1024x1536.jpg 1024w, https:\/\/szepsegesszenciakozmetika.hu\/wp-content\/uploads\/2022\/04\/biodroga_kezelesek-1365x2048.jpg 1365w, https:\/\/szepsegesszenciakozmetika.hu\/wp-content\/uploads\/2022\/04\/biodroga_kezelesek-scaled.jpg 1707w\" sizes=\"auto, (max-width: 683px) 100vw, 683px\" \/>\t\t\t\t\t\t\t\t\t\t\t\t\t\t\t<\/div>\n\t\t\t\t<\/div>\n\t\t\t\t\t<\/div>\n\t\t<\/div>\n\t\t\t\t\t\t\t<\/div>\n\t\t<\/section>\n\t\t\t\t\t<\/div>\n\t\t<\/div>\n\t\t\t\t\t\t\t<\/div>\n\t\t<\/section>\n\t\t\t\t\t\t<\/div>\n\t\t\t\t\t<\/div>\n\t\t","protected":false},"excerpt":{"rendered":"<p>A BIODROGA kezel\u00e9sekr\u0151l A BIODROGA m\u00e1rka \u00e9s term\u00e9kei az 1950-es \u00e9vek v\u00e9g\u00e9n sz\u00fcletett a n\u00e9metorsz\u00e1gi Baden-Baden v\u00e1ros\u00e1ban, amit a sz\u00e9ps\u00e9g forr\u00e1s\u00e1nak is neveznek. M\u00e1ra a BIODROGA vil\u00e1gm\u00e9ret\u0171re n\u0151tte ki mag\u00e1t, m\u00edg napjainkban is Baden-Baden ad otthont a m\u00e1rk\u00e1nak eg\u00e9szen a term\u00e9kfejleszt\u00e9st\u0151l a gy\u00e1rt\u00e1sig, ugyanis a BIODROGA a gy\u00f3gyszer\u00e9szeti tisztas\u00e1g\u00fa term\u00e9keit szigor\u00fa min\u0151s\u00e9gbiztos\u00edt\u00e1s mellett saj\u00e1t gy\u00e1rt\u00e1sban [&hellip;]<\/p>\n","protected":false},"author":1,"featured_media":0,"parent":0,"menu_order":0,"comment_status":"closed","ping_status":"closed","template":"","meta":{"footnotes":""},"class_list":["post-23","page","type-page","status-publish","hentry","entry"],"yoast_head":"<!-- This site is optimized with the Yoast SEO plugin v17.0 - https:\/\/yoast.com\/wordpress\/plugins\/seo\/ -->\n<title>BIODROGA kezel\u00e9sek (almen\u00fcpont) - Sz\u00e9ps\u00e9gEsszencia Kozmetika<\/title>\n<meta name=\"robots\" content=\"index, follow, max-snippet:-1, max-image-preview:large, max-video-preview:-1\" \/>\n<link rel=\"canonical\" href=\"https:\/\/szepsegesszenciakozmetika.hu\/index.php\/biodroga-kezelesek-almenupont\/\" \/>\n<meta property=\"og:locale\" content=\"en_US\" \/>\n<meta property=\"og:type\" content=\"article\" \/>\n<meta property=\"og:title\" content=\"BIODROGA kezel\u00e9sek (almen\u00fcpont) - Sz\u00e9ps\u00e9gEsszencia Kozmetika\" \/>\n<meta property=\"og:description\" content=\"A BIODROGA kezel\u00e9sekr\u0151l A BIODROGA m\u00e1rka \u00e9s term\u00e9kei az 1950-es \u00e9vek v\u00e9g\u00e9n sz\u00fcletett a n\u00e9metorsz\u00e1gi Baden-Baden v\u00e1ros\u00e1ban, amit a sz\u00e9ps\u00e9g forr\u00e1s\u00e1nak is neveznek. M\u00e1ra a BIODROGA vil\u00e1gm\u00e9ret\u0171re n\u0151tte ki mag\u00e1t, m\u00edg napjainkban is Baden-Baden ad otthont a m\u00e1rk\u00e1nak eg\u00e9szen a term\u00e9kfejleszt\u00e9st\u0151l a gy\u00e1rt\u00e1sig, ugyanis a BIODROGA a gy\u00f3gyszer\u00e9szeti tisztas\u00e1g\u00fa term\u00e9keit szigor\u00fa min\u0151s\u00e9gbiztos\u00edt\u00e1s mellett saj\u00e1t gy\u00e1rt\u00e1sban [&hellip;]\" \/>\n<meta property=\"og:url\" content=\"https:\/\/szepsegesszenciakozmetika.hu\/index.php\/biodroga-kezelesek-almenupont\/\" \/>\n<meta property=\"og:site_name\" content=\"Sz\u00e9ps\u00e9gEsszencia Kozmetika\" \/>\n<meta property=\"article:modified_time\" content=\"2024-11-20T14:26:24+00:00\" \/>\n<meta property=\"og:image\" content=\"https:\/\/szepsegesszenciakozmetika.hu\/wp-content\/uploads\/elementor\/thumbs\/szepsegesszencia_kezeles2-scaled-pqbbmyselanksx2e24h3ybsqepdrfl2ulp96y26e1s.jpg\" \/>\n<meta name=\"twitter:card\" content=\"summary_large_image\" \/>\n<meta name=\"twitter:label1\" content=\"Est. reading time\" \/>\n\t<meta name=\"twitter:data1\" content=\"3 minutes\" \/>\n<script type=\"application\/ld+json\" class=\"yoast-schema-graph\">{\"@context\":\"https:\/\/schema.org\",\"@graph\":[{\"@type\":\"WebSite\",\"@id\":\"https:\/\/szepsegesszenciakozmetika.hu\/#website\",\"url\":\"https:\/\/szepsegesszenciakozmetika.hu\/\",\"name\":\"Sz\\u00e9ps\\u00e9gEsszencia Kozmetika\",\"description\":\"Sz\\u00e9ps\\u00e9gEsszencia Kozmetika\",\"potentialAction\":[{\"@type\":\"SearchAction\",\"target\":{\"@type\":\"EntryPoint\",\"urlTemplate\":\"https:\/\/szepsegesszenciakozmetika.hu\/?s={search_term_string}\"},\"query-input\":\"required name=search_term_string\"}],\"inLanguage\":\"en-US\"},{\"@type\":\"ImageObject\",\"@id\":\"https:\/\/szepsegesszenciakozmetika.hu\/index.php\/biodroga-kezelesek-almenupont\/#primaryimage\",\"inLanguage\":\"en-US\",\"url\":\"https:\/\/szepsegesszenciakozmetika.hu\/wp-content\/uploads\/elementor\/thumbs\/szepsegesszencia_kezeles2-scaled-pqbbmyselanksx2e24h3ybsqepdrfl2ulp96y26e1s.jpg\",\"contentUrl\":\"https:\/\/szepsegesszenciakozmetika.hu\/wp-content\/uploads\/elementor\/thumbs\/szepsegesszencia_kezeles2-scaled-pqbbmyselanksx2e24h3ybsqepdrfl2ulp96y26e1s.jpg\"},{\"@type\":\"WebPage\",\"@id\":\"https:\/\/szepsegesszenciakozmetika.hu\/index.php\/biodroga-kezelesek-almenupont\/#webpage\",\"url\":\"https:\/\/szepsegesszenciakozmetika.hu\/index.php\/biodroga-kezelesek-almenupont\/\",\"name\":\"BIODROGA kezel\\u00e9sek (almen\\u00fcpont) - Sz\\u00e9ps\\u00e9gEsszencia Kozmetika\",\"isPartOf\":{\"@id\":\"https:\/\/szepsegesszenciakozmetika.hu\/#website\"},\"primaryImageOfPage\":{\"@id\":\"https:\/\/szepsegesszenciakozmetika.hu\/index.php\/biodroga-kezelesek-almenupont\/#primaryimage\"},\"datePublished\":\"2021-08-30T09:53:02+00:00\",\"dateModified\":\"2024-11-20T14:26:24+00:00\",\"breadcrumb\":{\"@id\":\"https:\/\/szepsegesszenciakozmetika.hu\/index.php\/biodroga-kezelesek-almenupont\/#breadcrumb\"},\"inLanguage\":\"en-US\",\"potentialAction\":[{\"@type\":\"ReadAction\",\"target\":[\"https:\/\/szepsegesszenciakozmetika.hu\/index.php\/biodroga-kezelesek-almenupont\/\"]}]},{\"@type\":\"BreadcrumbList\",\"@id\":\"https:\/\/szepsegesszenciakozmetika.hu\/index.php\/biodroga-kezelesek-almenupont\/#breadcrumb\",\"itemListElement\":[{\"@type\":\"ListItem\",\"position\":1,\"name\":\"Home\",\"item\":\"https:\/\/szepsegesszenciakozmetika.hu\/\"},{\"@type\":\"ListItem\",\"position\":2,\"name\":\"BIODROGA kezel\\u00e9sek (almen\\u00fcpont)\"}]}]}<\/script>\n<!-- \/ Yoast SEO plugin. -->","yoast_head_json":{"title":"BIODROGA kezel\u00e9sek (almen\u00fcpont) - Sz\u00e9ps\u00e9gEsszencia Kozmetika","robots":{"index":"index","follow":"follow","max-snippet":"max-snippet:-1","max-image-preview":"max-image-preview:large","max-video-preview":"max-video-preview:-1"},"canonical":"https:\/\/szepsegesszenciakozmetika.hu\/index.php\/biodroga-kezelesek-almenupont\/","og_locale":"en_US","og_type":"article","og_title":"BIODROGA kezel\u00e9sek (almen\u00fcpont) - Sz\u00e9ps\u00e9gEsszencia Kozmetika","og_description":"A BIODROGA kezel\u00e9sekr\u0151l A BIODROGA m\u00e1rka \u00e9s term\u00e9kei az 1950-es \u00e9vek v\u00e9g\u00e9n sz\u00fcletett a n\u00e9metorsz\u00e1gi Baden-Baden v\u00e1ros\u00e1ban, amit a sz\u00e9ps\u00e9g forr\u00e1s\u00e1nak is neveznek. M\u00e1ra a BIODROGA vil\u00e1gm\u00e9ret\u0171re n\u0151tte ki mag\u00e1t, m\u00edg napjainkban is Baden-Baden ad otthont a m\u00e1rk\u00e1nak eg\u00e9szen a term\u00e9kfejleszt\u00e9st\u0151l a gy\u00e1rt\u00e1sig, ugyanis a BIODROGA a gy\u00f3gyszer\u00e9szeti tisztas\u00e1g\u00fa term\u00e9keit szigor\u00fa min\u0151s\u00e9gbiztos\u00edt\u00e1s mellett saj\u00e1t gy\u00e1rt\u00e1sban [&hellip;]","og_url":"https:\/\/szepsegesszenciakozmetika.hu\/index.php\/biodroga-kezelesek-almenupont\/","og_site_name":"Sz\u00e9ps\u00e9gEsszencia Kozmetika","article_modified_time":"2024-11-20T14:26:24+00:00","og_image":[{"url":"https:\/\/szepsegesszenciakozmetika.hu\/wp-content\/uploads\/elementor\/thumbs\/szepsegesszencia_kezeles2-scaled-pqbbmyselanksx2e24h3ybsqepdrfl2ulp96y26e1s.jpg"}],"twitter_card":"summary_large_image","twitter_misc":{"Est. reading time":"3 minutes"},"schema":{"@context":"https:\/\/schema.org","@graph":[{"@type":"WebSite","@id":"https:\/\/szepsegesszenciakozmetika.hu\/#website","url":"https:\/\/szepsegesszenciakozmetika.hu\/","name":"Sz\u00e9ps\u00e9gEsszencia Kozmetika","description":"Sz\u00e9ps\u00e9gEsszencia Kozmetika","potentialAction":[{"@type":"SearchAction","target":{"@type":"EntryPoint","urlTemplate":"https:\/\/szepsegesszenciakozmetika.hu\/?s={search_term_string}"},"query-input":"required name=search_term_string"}],"inLanguage":"en-US"},{"@type":"ImageObject","@id":"https:\/\/szepsegesszenciakozmetika.hu\/index.php\/biodroga-kezelesek-almenupont\/#primaryimage","inLanguage":"en-US","url":"https:\/\/szepsegesszenciakozmetika.hu\/wp-content\/uploads\/elementor\/thumbs\/szepsegesszencia_kezeles2-scaled-pqbbmyselanksx2e24h3ybsqepdrfl2ulp96y26e1s.jpg","contentUrl":"https:\/\/szepsegesszenciakozmetika.hu\/wp-content\/uploads\/elementor\/thumbs\/szepsegesszencia_kezeles2-scaled-pqbbmyselanksx2e24h3ybsqepdrfl2ulp96y26e1s.jpg"},{"@type":"WebPage","@id":"https:\/\/szepsegesszenciakozmetika.hu\/index.php\/biodroga-kezelesek-almenupont\/#webpage","url":"https:\/\/szepsegesszenciakozmetika.hu\/index.php\/biodroga-kezelesek-almenupont\/","name":"BIODROGA kezel\u00e9sek (almen\u00fcpont) - Sz\u00e9ps\u00e9gEsszencia Kozmetika","isPartOf":{"@id":"https:\/\/szepsegesszenciakozmetika.hu\/#website"},"primaryImageOfPage":{"@id":"https:\/\/szepsegesszenciakozmetika.hu\/index.php\/biodroga-kezelesek-almenupont\/#primaryimage"},"datePublished":"2021-08-30T09:53:02+00:00","dateModified":"2024-11-20T14:26:24+00:00","breadcrumb":{"@id":"https:\/\/szepsegesszenciakozmetika.hu\/index.php\/biodroga-kezelesek-almenupont\/#breadcrumb"},"inLanguage":"en-US","potentialAction":[{"@type":"ReadAction","target":["https:\/\/szepsegesszenciakozmetika.hu\/index.php\/biodroga-kezelesek-almenupont\/"]}]},{"@type":"BreadcrumbList","@id":"https:\/\/szepsegesszenciakozmetika.hu\/index.php\/biodroga-kezelesek-almenupont\/#breadcrumb","itemListElement":[{"@type":"ListItem","position":1,"name":"Home","item":"https:\/\/szepsegesszenciakozmetika.hu\/"},{"@type":"ListItem","position":2,"name":"BIODROGA kezel\u00e9sek (almen\u00fcpont)"}]}]}},"_links":{"self":[{"href":"https:\/\/szepsegesszenciakozmetika.hu\/index.php\/wp-json\/wp\/v2\/pages\/23","targetHints":{"allow":["GET"]}}],"collection":[{"href":"https:\/\/szepsegesszenciakozmetika.hu\/index.php\/wp-json\/wp\/v2\/pages"}],"about":[{"href":"https:\/\/szepsegesszenciakozmetika.hu\/index.php\/wp-json\/wp\/v2\/types\/page"}],"author":[{"embeddable":true,"href":"https:\/\/szepsegesszenciakozmetika.hu\/index.php\/wp-json\/wp\/v2\/users\/1"}],"replies":[{"embeddable":true,"href":"https:\/\/szepsegesszenciakozmetika.hu\/index.php\/wp-json\/wp\/v2\/comments?post=23"}],"version-history":[{"count":70,"href":"https:\/\/szepsegesszenciakozmetika.hu\/index.php\/wp-json\/wp\/v2\/pages\/23\/revisions"}],"predecessor-version":[{"id":2386,"href":"https:\/\/szepsegesszenciakozmetika.hu\/index.php\/wp-json\/wp\/v2\/pages\/23\/revisions\/2386"}],"wp:attachment":[{"href":"https:\/\/szepsegesszenciakozmetika.hu\/index.php\/wp-json\/wp\/v2\/media?parent=23"}],"curies":[{"name":"wp","href":"https:\/\/api.w.org\/{rel}","templated":true}]}}