{"id":1342,"date":"2023-09-08T09:38:07","date_gmt":"2023-09-08T09:38:07","guid":{"rendered":"https:\/\/szepsegesszenciakozmetika.hu\/?page_id=1342"},"modified":"2025-09-30T05:20:10","modified_gmt":"2025-09-30T05:20:10","slug":"savas-hamlaszto-kezelesek","status":"publish","type":"page","link":"https:\/\/szepsegesszenciakozmetika.hu\/index.php\/savas-hamlaszto-kezelesek\/","title":{"rendered":"Savas h\u00e1mlaszt\u00f3 kezel\u00e9sek"},"content":{"rendered":"\t\t<div data-elementor-type=\"wp-page\" data-elementor-id=\"1342\" class=\"elementor elementor-1342\" data-elementor-settings=\"[]\">\n\t\t\t\t\t\t\t<div class=\"elementor-section-wrap\">\n\t\t\t\t\t\t\t<section class=\"elementor-section elementor-top-section elementor-element elementor-element-0371b81 elementor-section-full_width elementor-section-stretched elementor-section-height-default elementor-section-height-default\" data-id=\"0371b81\" data-element_type=\"section\" data-settings=\"{&quot;stretch_section&quot;:&quot;section-stretched&quot;,&quot;background_background&quot;:&quot;classic&quot;}\">\n\t\t\t\t\t\t<div class=\"elementor-container elementor-column-gap-default\">\n\t\t\t\t\t<div class=\"elementor-column elementor-col-100 elementor-top-column elementor-element elementor-element-6eac40e\" data-id=\"6eac40e\" data-element_type=\"column\">\n\t\t\t<div class=\"elementor-widget-wrap elementor-element-populated\">\n\t\t\t\t\t\t\t\t<section class=\"elementor-section elementor-inner-section elementor-element elementor-element-cbabeb4 elementor-reverse-mobile elementor-section-boxed elementor-section-height-default elementor-section-height-default\" data-id=\"cbabeb4\" data-element_type=\"section\" data-settings=\"{&quot;background_background&quot;:&quot;classic&quot;}\">\n\t\t\t\t\t\t\t<div class=\"elementor-background-overlay\"><\/div>\n\t\t\t\t\t\t\t<div class=\"elementor-container elementor-column-gap-default\">\n\t\t\t\t\t<div class=\"elementor-column elementor-col-50 elementor-inner-column elementor-element elementor-element-c8b5817\" data-id=\"c8b5817\" data-element_type=\"column\" data-settings=\"{&quot;background_background&quot;:&quot;classic&quot;}\">\n\t\t\t<div class=\"elementor-widget-wrap elementor-element-populated\">\n\t\t\t\t\t\t\t\t<div class=\"elementor-element elementor-element-08b7722 elementor-invisible elementor-widget elementor-widget-heading\" data-id=\"08b7722\" data-element_type=\"widget\" data-settings=\"{&quot;_animation&quot;:&quot;fadeInDown&quot;}\" data-widget_type=\"heading.default\">\n\t\t\t\t<div class=\"elementor-widget-container\">\n\t\t\t<h2 class=\"elementor-heading-title elementor-size-default\">Biodroga professzion\u00e1lis savas h\u00e1mlaszt\u00e1s<\/h2>\t\t<\/div>\n\t\t\t\t<\/div>\n\t\t\t\t<div class=\"elementor-element elementor-element-c384733 elementor-widget elementor-widget-text-editor\" data-id=\"c384733\" data-element_type=\"widget\" data-widget_type=\"text-editor.default\">\n\t\t\t\t<div class=\"elementor-widget-container\">\n\t\t\t\t\t\t\t<p>\u00a0<\/p><p>A savas h\u00e1mlaszt\u00e1s az egyik legkedveltebb \u00e9s leghat\u00e9konyabb kozmetikai elj\u00e1r\u00e1s. Seg\u00edts\u00e9g\u00e9vel k\u00edm\u00e9letesen, m\u00e9gis jelent\u0151sen nagyobb hat\u00e1sfokkal, mint egy arcrad\u00edroz\u00e1ssal, vagy enzimes peelinggel, t\u00f6k\u00e9letesen el tudjuk t\u00e1vol\u00edtani az elhalt h\u00e1msejtek egy r\u00e9sz\u00e9t.\u00a0<\/p><div><p>A savas h\u00e1mlaszt\u00e1s hat\u00e1smechanizmusa az, hogy a felsz\u00edni, elhalt h\u00e1msejtek megbont\u00e1sa r\u00e9v\u00e9n beind\u00edtja a b\u0151r \u00f6ngy\u00f3gy\u00edt\u00f3, regener\u00e1l\u00f3 folyamatait, \u00edgy stimul\u00e1lva a b\u0151rt a meg\u00fajul\u00e1sra. Eredm\u00e9nyek\u00e9ppen egy eg\u00e9szs\u00e9gesebb, ez\u00e1ltal egyenletesebb, \u00fcd\u00e9bb b\u0151rk\u00e9pet kapunk.<\/p><\/div>\t\t\t\t\t\t<\/div>\n\t\t\t\t<\/div>\n\t\t\t\t<div class=\"elementor-element elementor-element-d961b83 elementor-widget elementor-widget-text-editor\" data-id=\"d961b83\" data-element_type=\"widget\" data-widget_type=\"text-editor.default\">\n\t\t\t\t<div class=\"elementor-widget-container\">\n\t\t\t\t\t\t\t<p><strong>Milyen b\u0151rprobl\u00e9m\u00e1k eset\u00e9n ny\u00fajt megold\u00e1st a savas h\u00e1mlaszt\u00e1s?<\/strong><\/p><ul><li>r\u00e1ncok ellen<\/li><li>pigmentfoltok ellen<\/li><li>dehidrat\u00e1lt b\u0151r eset\u00e9n<\/li><li>hegek halv\u00e1ny\u00edt\u00e1s\u00e1ra<\/li><li>probl\u00e9m\u00e1s, akn\u00e9s b\u0151rre<\/li><li>egyenetlen b\u0151rfelsz\u00edn eset\u00e9n<\/li><li>t\u00e1g p\u00f3rusok eset\u00e9n<\/li><\/ul>\t\t\t\t\t\t<\/div>\n\t\t\t\t<\/div>\n\t\t\t\t\t<\/div>\n\t\t<\/div>\n\t\t\t\t<div class=\"elementor-column elementor-col-50 elementor-inner-column elementor-element elementor-element-8d88123\" data-id=\"8d88123\" data-element_type=\"column\">\n\t\t\t<div class=\"elementor-widget-wrap elementor-element-populated\">\n\t\t\t\t\t\t\t\t<div class=\"elementor-element elementor-element-7514b69 elementor-widget elementor-widget-image\" data-id=\"7514b69\" data-element_type=\"widget\" data-widget_type=\"image.default\">\n\t\t\t\t<div class=\"elementor-widget-container\">\n\t\t\t\t\t\t\t\t\t\t\t\t\t\t\t<img loading=\"lazy\" decoding=\"async\" width=\"1024\" height=\"684\" src=\"https:\/\/szepsegesszenciakozmetika.hu\/wp-content\/uploads\/2023\/10\/biodroga-szepseg-kozmetika-termek-szepsegapolas-Biodroga-Bioscience-medical-Biodroga-professzionalis-savak-2-1024x684.jpg\" class=\"attachment-large size-large\" alt=\"\" srcset=\"https:\/\/szepsegesszenciakozmetika.hu\/wp-content\/uploads\/2023\/10\/biodroga-szepseg-kozmetika-termek-szepsegapolas-Biodroga-Bioscience-medical-Biodroga-professzionalis-savak-2-1024x684.jpg 1024w, https:\/\/szepsegesszenciakozmetika.hu\/wp-content\/uploads\/2023\/10\/biodroga-szepseg-kozmetika-termek-szepsegapolas-Biodroga-Bioscience-medical-Biodroga-professzionalis-savak-2-300x200.jpg 300w, https:\/\/szepsegesszenciakozmetika.hu\/wp-content\/uploads\/2023\/10\/biodroga-szepseg-kozmetika-termek-szepsegapolas-Biodroga-Bioscience-medical-Biodroga-professzionalis-savak-2-768x513.jpg 768w, https:\/\/szepsegesszenciakozmetika.hu\/wp-content\/uploads\/2023\/10\/biodroga-szepseg-kozmetika-termek-szepsegapolas-Biodroga-Bioscience-medical-Biodroga-professzionalis-savak-2-1536x1025.jpg 1536w, https:\/\/szepsegesszenciakozmetika.hu\/wp-content\/uploads\/2023\/10\/biodroga-szepseg-kozmetika-termek-szepsegapolas-Biodroga-Bioscience-medical-Biodroga-professzionalis-savak-2-2048x1367.jpg 2048w\" sizes=\"auto, (max-width: 1024px) 100vw, 1024px\" \/>\t\t\t\t\t\t\t\t\t\t\t\t\t\t\t<\/div>\n\t\t\t\t<\/div>\n\t\t\t\t\t<\/div>\n\t\t<\/div>\n\t\t\t\t\t\t\t<\/div>\n\t\t<\/section>\n\t\t\t\t\t<\/div>\n\t\t<\/div>\n\t\t\t\t\t\t\t<\/div>\n\t\t<\/section>\n\t\t\t\t<section class=\"elementor-section elementor-top-section elementor-element elementor-element-9943dc1 elementor-section-full_width elementor-section-stretched elementor-section-height-default elementor-section-height-default\" data-id=\"9943dc1\" data-element_type=\"section\" data-settings=\"{&quot;stretch_section&quot;:&quot;section-stretched&quot;,&quot;background_background&quot;:&quot;classic&quot;}\">\n\t\t\t\t\t\t<div class=\"elementor-container elementor-column-gap-default\">\n\t\t\t\t\t<div class=\"elementor-column elementor-col-100 elementor-top-column elementor-element elementor-element-e4115cc\" data-id=\"e4115cc\" data-element_type=\"column\">\n\t\t\t<div class=\"elementor-widget-wrap elementor-element-populated\">\n\t\t\t\t\t\t\t\t<section class=\"elementor-section elementor-inner-section elementor-element elementor-element-3ab257e elementor-reverse-mobile elementor-section-boxed elementor-section-height-default elementor-section-height-default\" data-id=\"3ab257e\" data-element_type=\"section\" data-settings=\"{&quot;background_background&quot;:&quot;classic&quot;}\">\n\t\t\t\t\t\t\t<div class=\"elementor-background-overlay\"><\/div>\n\t\t\t\t\t\t\t<div class=\"elementor-container elementor-column-gap-default\">\n\t\t\t\t\t<div class=\"elementor-column elementor-col-50 elementor-inner-column elementor-element elementor-element-fdfbeae\" data-id=\"fdfbeae\" data-element_type=\"column\">\n\t\t\t<div class=\"elementor-widget-wrap elementor-element-populated\">\n\t\t\t\t\t\t\t\t<div class=\"elementor-element elementor-element-d2c178b elementor-widget elementor-widget-image\" data-id=\"d2c178b\" data-element_type=\"widget\" data-widget_type=\"image.default\">\n\t\t\t\t<div class=\"elementor-widget-container\">\n\t\t\t\t\t\t\t\t\t\t\t\t\t\t\t<img loading=\"lazy\" decoding=\"async\" width=\"514\" height=\"775\" src=\"https:\/\/szepsegesszenciakozmetika.hu\/wp-content\/uploads\/2023\/09\/savas-hamlasztas-kozmetika-biodroga_1.jpg\" class=\"attachment-large size-large\" alt=\"\" srcset=\"https:\/\/szepsegesszenciakozmetika.hu\/wp-content\/uploads\/2023\/09\/savas-hamlasztas-kozmetika-biodroga_1.jpg 514w, https:\/\/szepsegesszenciakozmetika.hu\/wp-content\/uploads\/2023\/09\/savas-hamlasztas-kozmetika-biodroga_1-199x300.jpg 199w\" sizes=\"auto, (max-width: 514px) 100vw, 514px\" \/>\t\t\t\t\t\t\t\t\t\t\t\t\t\t\t<\/div>\n\t\t\t\t<\/div>\n\t\t\t\t\t<\/div>\n\t\t<\/div>\n\t\t\t\t<div class=\"elementor-column elementor-col-50 elementor-inner-column elementor-element elementor-element-37e889e\" data-id=\"37e889e\" data-element_type=\"column\" data-settings=\"{&quot;background_background&quot;:&quot;classic&quot;}\">\n\t\t\t<div class=\"elementor-widget-wrap elementor-element-populated\">\n\t\t\t\t\t\t\t\t<div class=\"elementor-element elementor-element-000d320 elementor-widget elementor-widget-text-editor\" data-id=\"000d320\" data-element_type=\"widget\" data-widget_type=\"text-editor.default\">\n\t\t\t\t<div class=\"elementor-widget-container\">\n\t\t\t\t\t\t\t<p><strong>Az \u00e1ltalam v\u00e9gzett h\u00e1mlaszt\u00f3 kezel\u00e9seket vend\u00e9geim ig\u00e9nyei szerint \u00e1ll\u00edtom \u00f6ssze<\/strong>, a kezel\u00e9st megel\u0151z\u0151 b\u0151rdiagnosztik\u00e1t k\u00f6vet\u0151en v\u00e1lasztom ki a b\u0151rt\u00edpusnak, illetve a b\u0151rprobl\u00e9m\u00e1nak legink\u00e1bb megfelel\u0151 savakat \u00e9s hat\u00f3anyagokat. <strong>A kezel\u00e9s rendk\u00edv\u00fcl l\u00e1tv\u00e1nyos eredm\u00e9nyt garant\u00e1l m\u00e1r az els\u0151 alkalom ut\u00e1n is, \u00e1m eredm\u00e9nyesebb \u00e9s hosszan tart\u00f3 hat\u00e1s \u00e9rdek\u00e9ben k\u00far\u00e1ban javasolt.<\/strong> Mivel a h\u00e1mlaszt\u00e1st a b\u0151r felsz\u00edn\u00e9n v\u00e9gezz\u00fck, ez\u00e9rt nincs fel\u00e9p\u00fcl\u00e9si id\u0151. A kezel\u00e9st k\u00f6vet\u0151en m\u00e1r vissza is t\u00e9rhetsz a minden napi teend\u0151kh\u00f6z.<\/p>\t\t\t\t\t\t<\/div>\n\t\t\t\t<\/div>\n\t\t\t\t<div class=\"elementor-element elementor-element-b851eb7 elementor-widget elementor-widget-text-editor\" data-id=\"b851eb7\" data-element_type=\"widget\" data-widget_type=\"text-editor.default\">\n\t\t\t\t<div class=\"elementor-widget-container\">\n\t\t\t\t\t\t\t<p><span style=\"font-size: 14px; color: var( --e-global-color-e4f64e1 );\">\u00a0<\/span><\/p><p><span style=\"font-size: 14px; color: var( --e-global-color-e4f64e1 );\">A savas h\u00e1mlaszt\u00f3 kezel\u00e9sek el\u0151tt a legt\u00f6bb esetben aj\u00e1nlott egy tiszt\u00edt\u00f3 (nyomkod\u00e1sos) kezel\u00e9st elv\u00e9gezni. Emellett fontos gondolni arra, hogy egy megfelel\u0151en felk\u00e9sz\u00edtett b\u0151r k\u00e9pes igaz\u00e1n j\u00f3l reag\u00e1lni a savas kezel\u00e9sekre, illetve a k\u00fara alatt az otthoni b\u0151r\u00e1pol\u00e1si rutint \u00fagy kell \u00f6ssze\u00e1ll\u00edtani, hogy az maxim\u00e1lisan t\u00e1mogassa a savak b\u0151rmeg\u00faj\u00edt\u00f3 hat\u00e1s\u00e1t, v\u00e9dj\u00e9k a b\u0151rt a k\u00f6rnyezeti hat\u00e1sokt\u00f3l.<\/span><\/p><div><p><strong>A savas kezel\u00e9seket UV szeg\u00e9ny id\u0151szakban (\u0151sszel \u00e9s t\u00e9len) v\u00e9gezz\u00fck, minden nap 50 faktoros f\u00e9nyv\u00e9d\u0151 haszn\u00e1lata mellett.<\/strong><\/p><\/div>\t\t\t\t\t\t<\/div>\n\t\t\t\t<\/div>\n\t\t\t\t\t<\/div>\n\t\t<\/div>\n\t\t\t\t\t\t\t<\/div>\n\t\t<\/section>\n\t\t\t\t\t<\/div>\n\t\t<\/div>\n\t\t\t\t\t\t\t<\/div>\n\t\t<\/section>\n\t\t\t\t<section class=\"elementor-section elementor-top-section elementor-element elementor-element-a751908 elementor-section-full_width elementor-section-stretched elementor-section-height-default elementor-section-height-default\" data-id=\"a751908\" data-element_type=\"section\" data-settings=\"{&quot;stretch_section&quot;:&quot;section-stretched&quot;,&quot;background_background&quot;:&quot;classic&quot;}\">\n\t\t\t\t\t\t<div class=\"elementor-container elementor-column-gap-default\">\n\t\t\t\t\t<div class=\"elementor-column elementor-col-100 elementor-top-column elementor-element elementor-element-b8f1b1c\" data-id=\"b8f1b1c\" data-element_type=\"column\">\n\t\t\t<div class=\"elementor-widget-wrap elementor-element-populated\">\n\t\t\t\t\t\t\t\t<section class=\"elementor-section elementor-inner-section elementor-element elementor-element-7ff9e20 elementor-reverse-mobile elementor-section-boxed elementor-section-height-default elementor-section-height-default\" data-id=\"7ff9e20\" data-element_type=\"section\" data-settings=\"{&quot;background_background&quot;:&quot;classic&quot;}\">\n\t\t\t\t\t\t\t<div class=\"elementor-background-overlay\"><\/div>\n\t\t\t\t\t\t\t<div class=\"elementor-container elementor-column-gap-default\">\n\t\t\t\t\t<div class=\"elementor-column elementor-col-50 elementor-inner-column elementor-element elementor-element-a07e163\" data-id=\"a07e163\" data-element_type=\"column\" data-settings=\"{&quot;background_background&quot;:&quot;classic&quot;}\">\n\t\t\t<div class=\"elementor-widget-wrap elementor-element-populated\">\n\t\t\t\t\t\t\t\t<div class=\"elementor-element elementor-element-8716a67 elementor-invisible elementor-widget elementor-widget-heading\" data-id=\"8716a67\" data-element_type=\"widget\" data-settings=\"{&quot;_animation&quot;:&quot;fadeInDown&quot;}\" data-widget_type=\"heading.default\">\n\t\t\t\t<div class=\"elementor-widget-container\">\n\t\t\t<h2 class=\"elementor-heading-title elementor-size-default\">Milyen kezel\u00e9sek k\u00f6z\u00fcl v\u00e1laszthatsz?<\/h2>\t\t<\/div>\n\t\t\t\t<\/div>\n\t\t\t\t<div class=\"elementor-element elementor-element-e367139 elementor-icon-list--layout-traditional elementor-list-item-link-full_width elementor-widget elementor-widget-icon-list\" data-id=\"e367139\" data-element_type=\"widget\" data-widget_type=\"icon-list.default\">\n\t\t\t\t<div class=\"elementor-widget-container\">\n\t\t\t\t\t<ul class=\"elementor-icon-list-items\">\n\t\t\t\t\t\t\t<li class=\"elementor-icon-list-item\">\n\t\t\t\t\t\t\t\t\t\t\t<span class=\"elementor-icon-list-icon\">\n\t\t\t\t\t\t\t<i aria-hidden=\"true\" class=\"fas fa-check\"><\/i>\t\t\t\t\t\t<\/span>\n\t\t\t\t\t\t\t\t\t\t<span class=\"elementor-icon-list-text\">Biodroga savas h\u00e1mlaszt\u00e1s hat\u00f3anyagbevitellel<\/span>\n\t\t\t\t\t\t\t\t\t<\/li>\n\t\t\t\t\t\t<\/ul>\n\t\t\t\t<\/div>\n\t\t\t\t<\/div>\n\t\t\t\t<div class=\"elementor-element elementor-element-9ae7eb1 elementor-widget elementor-widget-text-editor\" data-id=\"9ae7eb1\" data-element_type=\"widget\" data-widget_type=\"text-editor.default\">\n\t\t\t\t<div class=\"elementor-widget-container\">\n\t\t\t\t\t\t\t<p style=\"font-weight: 400;\">A savas h\u00e1mlaszt\u00e1s:<\/p><ul><li>t\u00e1mogatja a b\u0151r meg\u00fajul\u00e1s\u00e1t, hidrat\u00e1lts\u00e1g\u00e1t,<\/li><li>egys\u00e9ges\u00edti a b\u0151rfelsz\u00ednt,<\/li><li>finom\u00edtja a p\u00f3rusokat,<\/li><li>meger\u0151s\u00edti a sejtregener\u00e1ci\u00f3t,<\/li><li>n\u00f6veli a b\u0151r v\u00edzmegk\u00f6t\u0151 k\u00e9pess\u00e9g\u00e9t,<\/li><li>fokozza a kollag\u00e9n- \u00e9s elasztikus rostok, v\u00edzmegk\u00f6t\u0151 anyagok k\u00e9pz\u0151d\u00e9s\u00e9t,<\/li><li>a b\u0151r ellen\u00e1ll\u00f3bb\u00e1 v\u00e1lik, \u00e9rz\u00e9kenys\u00e9ge cs\u00f6kken.<\/li><\/ul><p style=\"font-weight: 400;\">Az \u00e1ltalam v\u00e9gzett savas kezel\u00e9s hat\u00e9konys\u00e1g\u00e1t a b\u0151r egyedi ig\u00e9nyeinek megfelel\u0151en kiv\u00e1lasztott hat\u00f3anyagok teszik m\u00e9g teljesebb\u00e9.<\/p><p><span style=\"font-weight: 400;\">M\u00e1r egy alkalommal is l\u00e1that\u00f3 a hat\u00e1sa, a b\u0151r l\u00e1tv\u00e1nyosan frissebb \u00e9s fiatalosabb lesz, <\/span>a hosszantart\u00f3 eredm\u00e9nyek\u00e9rt a kezel\u00e9st k\u00faraszer\u0171en \u00e9rdemes alkalmazni, 10-14 naponta, 4-6 alkalmas kezel\u00e9ssorozattal<span style=\"font-weight: 400;\">.\u00a0<\/span><\/p><h4><strong>Mire figyelj a kezel\u00e9s ut\u00e1n?<\/strong><\/h4><ul><li>a legfontosabb, hogy a kezel\u00e9st k\u00f6vet\u0151en, vagy a k\u00fara id\u0151tartama alatt \u00e9s ut\u00e1n 3-4 h\u00e9tig ne napozz, \u00e9s ker\u00fcld a szol\u00e1rium haszn\u00e1lat\u00e1t is<\/li><li>a kezelt ter\u00fcleten haszn\u00e1lj SPF 50 v\u00e9delemmel ell\u00e1tott f\u00e9nyv\u00e9d\u0151t<\/li><li>minden fontos tudnival\u00f3r\u00f3l a szem\u00e9lyes tal\u00e1lkoz\u00f3 sor\u00e1n r\u00e9szletes t\u00e1j\u00e9koztat\u00e1st adok<\/li><\/ul><div><h4 style=\"font-variant-caps: normal; font-family: Montserrat, sans-serif; font-style: normal;\"><strong style=\"font-size: 14px; color: var( --e-global-color-e4f64e1 );\">A kezel\u00e9st kiz\u00e1r\u00f3lag \u0151szt\u0151l tavaszig v\u00e9gezz\u00fck, mivel a h\u00e1mlaszt\u00e1s ut\u00e1n a b\u0151rt nem \u00e9rheti k\u00f6zvetlen napf\u00e9ny.<\/strong><\/h4><\/div>\t\t\t\t\t\t<\/div>\n\t\t\t\t<\/div>\n\t\t\t\t\t<\/div>\n\t\t<\/div>\n\t\t\t\t<div class=\"elementor-column elementor-col-50 elementor-inner-column elementor-element elementor-element-10eeb96\" data-id=\"10eeb96\" data-element_type=\"column\">\n\t\t\t<div class=\"elementor-widget-wrap elementor-element-populated\">\n\t\t\t\t\t\t\t\t<div class=\"elementor-element elementor-element-55101c0 elementor-widget elementor-widget-image\" data-id=\"55101c0\" data-element_type=\"widget\" data-widget_type=\"image.default\">\n\t\t\t\t<div class=\"elementor-widget-container\">\n\t\t\t\t\t\t\t\t\t\t\t\t\t\t\t<img loading=\"lazy\" decoding=\"async\" width=\"1024\" height=\"684\" src=\"https:\/\/szepsegesszenciakozmetika.hu\/wp-content\/uploads\/2023\/10\/biodroga-szepseg-kozmetika-termek-szepsegapolas-Biodroga-Bioscience-medical-Biodroga-professzionalis-savak-4-1024x684.jpg\" class=\"attachment-large size-large\" alt=\"\" srcset=\"https:\/\/szepsegesszenciakozmetika.hu\/wp-content\/uploads\/2023\/10\/biodroga-szepseg-kozmetika-termek-szepsegapolas-Biodroga-Bioscience-medical-Biodroga-professzionalis-savak-4-1024x684.jpg 1024w, https:\/\/szepsegesszenciakozmetika.hu\/wp-content\/uploads\/2023\/10\/biodroga-szepseg-kozmetika-termek-szepsegapolas-Biodroga-Bioscience-medical-Biodroga-professzionalis-savak-4-300x200.jpg 300w, https:\/\/szepsegesszenciakozmetika.hu\/wp-content\/uploads\/2023\/10\/biodroga-szepseg-kozmetika-termek-szepsegapolas-Biodroga-Bioscience-medical-Biodroga-professzionalis-savak-4-768x513.jpg 768w, https:\/\/szepsegesszenciakozmetika.hu\/wp-content\/uploads\/2023\/10\/biodroga-szepseg-kozmetika-termek-szepsegapolas-Biodroga-Bioscience-medical-Biodroga-professzionalis-savak-4-1536x1025.jpg 1536w, https:\/\/szepsegesszenciakozmetika.hu\/wp-content\/uploads\/2023\/10\/biodroga-szepseg-kozmetika-termek-szepsegapolas-Biodroga-Bioscience-medical-Biodroga-professzionalis-savak-4-2048x1367.jpg 2048w\" sizes=\"auto, (max-width: 1024px) 100vw, 1024px\" \/>\t\t\t\t\t\t\t\t\t\t\t\t\t\t\t<\/div>\n\t\t\t\t<\/div>\n\t\t\t\t\t<\/div>\n\t\t<\/div>\n\t\t\t\t\t\t\t<\/div>\n\t\t<\/section>\n\t\t\t\t\t<\/div>\n\t\t<\/div>\n\t\t\t\t\t\t\t<\/div>\n\t\t<\/section>\n\t\t\t\t<section class=\"elementor-section elementor-top-section elementor-element elementor-element-7222055 elementor-section-full_width elementor-section-stretched elementor-section-height-default elementor-section-height-default\" data-id=\"7222055\" data-element_type=\"section\" data-settings=\"{&quot;stretch_section&quot;:&quot;section-stretched&quot;,&quot;background_background&quot;:&quot;classic&quot;}\">\n\t\t\t\t\t\t<div class=\"elementor-container elementor-column-gap-default\">\n\t\t\t\t\t<div class=\"elementor-column elementor-col-100 elementor-top-column elementor-element elementor-element-3a79384\" data-id=\"3a79384\" data-element_type=\"column\">\n\t\t\t<div class=\"elementor-widget-wrap elementor-element-populated\">\n\t\t\t\t\t\t\t\t<section class=\"elementor-section elementor-inner-section elementor-element elementor-element-3ab3578 elementor-reverse-mobile elementor-section-boxed elementor-section-height-default elementor-section-height-default\" data-id=\"3ab3578\" data-element_type=\"section\" data-settings=\"{&quot;background_background&quot;:&quot;classic&quot;}\">\n\t\t\t\t\t\t\t<div class=\"elementor-background-overlay\"><\/div>\n\t\t\t\t\t\t\t<div class=\"elementor-container elementor-column-gap-default\">\n\t\t\t\t\t<div class=\"elementor-column elementor-col-50 elementor-inner-column elementor-element elementor-element-e85c5a7\" data-id=\"e85c5a7\" data-element_type=\"column\">\n\t\t\t<div class=\"elementor-widget-wrap elementor-element-populated\">\n\t\t\t\t\t\t\t\t<div class=\"elementor-element elementor-element-7094c0c elementor-widget elementor-widget-image\" data-id=\"7094c0c\" data-element_type=\"widget\" data-widget_type=\"image.default\">\n\t\t\t\t<div class=\"elementor-widget-container\">\n\t\t\t\t\t\t\t\t\t\t\t\t\t\t\t<img loading=\"lazy\" decoding=\"async\" width=\"676\" height=\"1024\" src=\"https:\/\/szepsegesszenciakozmetika.hu\/wp-content\/uploads\/2023\/09\/savas-hamlasztas-kozmetika-biodroga_3-676x1024.jpg\" class=\"attachment-large size-large\" alt=\"\" srcset=\"https:\/\/szepsegesszenciakozmetika.hu\/wp-content\/uploads\/2023\/09\/savas-hamlasztas-kozmetika-biodroga_3-676x1024.jpg 676w, https:\/\/szepsegesszenciakozmetika.hu\/wp-content\/uploads\/2023\/09\/savas-hamlasztas-kozmetika-biodroga_3-198x300.jpg 198w, https:\/\/szepsegesszenciakozmetika.hu\/wp-content\/uploads\/2023\/09\/savas-hamlasztas-kozmetika-biodroga_3-768x1163.jpg 768w, https:\/\/szepsegesszenciakozmetika.hu\/wp-content\/uploads\/2023\/09\/savas-hamlasztas-kozmetika-biodroga_3-1014x1536.jpg 1014w, https:\/\/szepsegesszenciakozmetika.hu\/wp-content\/uploads\/2023\/09\/savas-hamlasztas-kozmetika-biodroga_3.jpg 1170w\" sizes=\"auto, (max-width: 676px) 100vw, 676px\" \/>\t\t\t\t\t\t\t\t\t\t\t\t\t\t\t<\/div>\n\t\t\t\t<\/div>\n\t\t\t\t\t<\/div>\n\t\t<\/div>\n\t\t\t\t<div class=\"elementor-column elementor-col-50 elementor-inner-column elementor-element elementor-element-94805ce\" data-id=\"94805ce\" data-element_type=\"column\" data-settings=\"{&quot;background_background&quot;:&quot;classic&quot;}\">\n\t\t\t<div class=\"elementor-widget-wrap elementor-element-populated\">\n\t\t\t\t\t\t\t\t<div class=\"elementor-element elementor-element-c1dc188 elementor-icon-list--layout-traditional elementor-list-item-link-full_width elementor-widget elementor-widget-icon-list\" data-id=\"c1dc188\" data-element_type=\"widget\" data-widget_type=\"icon-list.default\">\n\t\t\t\t<div class=\"elementor-widget-container\">\n\t\t\t\t\t<ul class=\"elementor-icon-list-items\">\n\t\t\t\t\t\t\t<li class=\"elementor-icon-list-item\">\n\t\t\t\t\t\t\t\t\t\t\t<span class=\"elementor-icon-list-icon\">\n\t\t\t\t\t\t\t<i aria-hidden=\"true\" class=\"fas fa-check\"><\/i>\t\t\t\t\t\t<\/span>\n\t\t\t\t\t\t\t\t\t\t<span class=\"elementor-icon-list-text\">Biodroga savas h\u00e1mlaszt\u00e1s mikront\u0171s hat\u00f3anyagbevitellel kombin\u00e1lva<\/span>\n\t\t\t\t\t\t\t\t\t<\/li>\n\t\t\t\t\t\t<\/ul>\n\t\t\t\t<\/div>\n\t\t\t\t<\/div>\n\t\t\t\t<div class=\"elementor-element elementor-element-ec710c3 elementor-widget elementor-widget-text-editor\" data-id=\"ec710c3\" data-element_type=\"widget\" data-widget_type=\"text-editor.default\">\n\t\t\t\t<div class=\"elementor-widget-container\">\n\t\t\t\t\t\t\t<div><p>Ezt a kezel\u00e9st azoknak aj\u00e1nlom, akik a Biodroga Professzin\u00e1lis savas kezel\u00e9s hat\u00e9konys\u00e1g\u00e1t tov\u00e1bb szeretn\u00e9k n\u00f6velni.<\/p><\/div><p>A savas h\u00e1mlaszt\u00e1s \u00e9s mikrot\u0171s hat\u00f3anyagbevitel egy\u00fctt seg\u00edti a hat\u00f3anyagok m\u00e9lyebbre jut\u00e1s\u00e1t a b\u0151rbe, jav\u00edtja a b\u0151r szerkezet\u00e9t, cs\u00f6kkenti a r\u00e1ncok m\u00e9lys\u00e9g\u00e9t. A kezel\u00e9s ut\u00e1n a b\u0151r egyenletesebb\u00e9 v\u00e1lik, a hegek \u00e9s pigmentfoltok halv\u00e1nyulnak.<\/p><p>A mikrot\u0171s kezel\u00e9st egy orvosi f\u00e9mb\u0151l k\u00e9sz\u00fclt t\u0171kkel felszerelt dermaroller seg\u00edts\u00e9g\u00e9vel v\u00e9gzem. Az apr\u00f3, finom t\u0171ket v\u00e9gigg\u00f6rgetve a b\u0151r\u00f6n kis lyukacsk\u00e1k, \u00fagynevezett mikros\u00e9r\u00fcl\u00e9sek keletkeznek, aminek hat\u00e1s\u00e1ra beindulnak a b\u0151r saj\u00e1t gy\u00f3gy\u00edt\u00f3 folyamatai. Fokozottan serkenti a kollag\u00e9n \u00e9s elasztin, valamint a hialuronsav termel\u00e9st.<\/p><h4><strong>Mire figyelj a kezel\u00e9s ut\u00e1n?<\/strong><\/h4><ul><li>a legfontosabb, hogy a kezel\u00e9st k\u00f6vet\u0151en, vagy a k\u00fara id\u0151tartama alatt \u00e9s ut\u00e1n 3-4 h\u00e9tig ne napozz \u00e9s ker\u00fcld a szol\u00e1rium haszn\u00e1lat\u00e1t is, illetve<\/li><li>a kezelt ter\u00fcleten haszn\u00e1lj SPF 50 v\u00e9delemmel ell\u00e1tott f\u00e9nyv\u00e9d\u0151t<\/li><li>minden fontos tudnival\u00f3r\u00f3l a szem\u00e9lyes tal\u00e1lkoz\u00f3 sor\u00e1n r\u00e9szletes t\u00e1j\u00e9koztat\u00e1st adok<\/li><\/ul><p><strong>A kezel\u00e9st kiz\u00e1r\u00f3lag \u0151szt\u0151l tavaszig v\u00e9gezz\u00fck, mivel a h\u00e1mlaszt\u00e1s ut\u00e1n a b\u0151rt nem \u00e9rheti k\u00f6zvetlen napf\u00e9ny.<\/strong><\/p>\t\t\t\t\t\t<\/div>\n\t\t\t\t<\/div>\n\t\t\t\t\t<\/div>\n\t\t<\/div>\n\t\t\t\t\t\t\t<\/div>\n\t\t<\/section>\n\t\t\t\t\t<\/div>\n\t\t<\/div>\n\t\t\t\t\t\t\t<\/div>\n\t\t<\/section>\n\t\t\t\t<section class=\"elementor-section elementor-top-section elementor-element elementor-element-6871b05 elementor-section-full_width elementor-section-stretched elementor-section-height-default elementor-section-height-default\" data-id=\"6871b05\" data-element_type=\"section\" data-settings=\"{&quot;stretch_section&quot;:&quot;section-stretched&quot;,&quot;background_background&quot;:&quot;classic&quot;}\">\n\t\t\t\t\t\t<div class=\"elementor-container elementor-column-gap-default\">\n\t\t\t\t\t<div class=\"elementor-column elementor-col-100 elementor-top-column elementor-element elementor-element-4f7123b\" data-id=\"4f7123b\" data-element_type=\"column\">\n\t\t\t<div class=\"elementor-widget-wrap elementor-element-populated\">\n\t\t\t\t\t\t\t\t<div class=\"elementor-element elementor-element-1185b04 elementor-widget elementor-widget-text-editor\" data-id=\"1185b04\" data-element_type=\"widget\" data-widget_type=\"text-editor.default\">\n\t\t\t\t<div class=\"elementor-widget-container\">\n\t\t\t\t\t\t\t<h3 style=\"text-align: center;\"><span style=\"color: #000000;\">V\u00e1lassz akci\u00f3s aj\u00e1nlataim k\u00f6z\u00fcl, \u00e9s pr\u00f3b\u00e1ld ki a savas h\u00e1mlaszt\u00f3 k\u00far\u00e1t az al\u00e1bbi kedvezm\u00e9nyekkel!<\/span><\/h3>\t\t\t\t\t\t<\/div>\n\t\t\t\t<\/div>\n\t\t\t\t\t<\/div>\n\t\t<\/div>\n\t\t\t\t\t\t\t<\/div>\n\t\t<\/section>\n\t\t\t\t<section class=\"elementor-section elementor-top-section elementor-element elementor-element-db0b379 elementor-section-full_width elementor-section-stretched elementor-section-height-default elementor-section-height-default\" data-id=\"db0b379\" data-element_type=\"section\" data-settings=\"{&quot;stretch_section&quot;:&quot;section-stretched&quot;,&quot;background_background&quot;:&quot;classic&quot;}\">\n\t\t\t\t\t\t<div class=\"elementor-container elementor-column-gap-default\">\n\t\t\t\t\t<div class=\"elementor-column elementor-col-50 elementor-top-column elementor-element elementor-element-eb39fbb\" data-id=\"eb39fbb\" data-element_type=\"column\">\n\t\t\t<div class=\"elementor-widget-wrap elementor-element-populated\">\n\t\t\t\t\t\t\t\t<div class=\"elementor-element elementor-element-9d6b8b9 elementor-icon-list--layout-traditional elementor-list-item-link-full_width elementor-widget elementor-widget-icon-list\" data-id=\"9d6b8b9\" data-element_type=\"widget\" data-widget_type=\"icon-list.default\">\n\t\t\t\t<div class=\"elementor-widget-container\">\n\t\t\t\t\t<ul class=\"elementor-icon-list-items\">\n\t\t\t\t\t\t\t<li class=\"elementor-icon-list-item\">\n\t\t\t\t\t\t\t\t\t\t\t<span class=\"elementor-icon-list-icon\">\n\t\t\t\t\t\t\t<i aria-hidden=\"true\" class=\"fas fa-check\"><\/i>\t\t\t\t\t\t<\/span>\n\t\t\t\t\t\t\t\t\t\t<span class=\"elementor-icon-list-text\">Biodroga savas h\u00e1mlaszt\u00e1s hat\u00f3anyagbevitellel<\/span>\n\t\t\t\t\t\t\t\t\t<\/li>\n\t\t\t\t\t\t<\/ul>\n\t\t\t\t<\/div>\n\t\t\t\t<\/div>\n\t\t\t\t<div class=\"elementor-element elementor-element-a545190 elementor-widget elementor-widget-text-editor\" data-id=\"a545190\" data-element_type=\"widget\" data-widget_type=\"text-editor.default\">\n\t\t\t\t<div class=\"elementor-widget-container\">\n\t\t\t\t\t\t\t<p><strong style=\"font-size: 14px; color: var( --e-global-color-e4f64e1 );\">Az 5 alkalmas kezel\u00e9ssorozat \u00e1ra: 142.500 Ft. *<\/strong><\/p><p><strong>Mi\u00e9rt \u00e9rdemes az 5 alkalmas k\u00far\u00e1t v\u00e1lasztanod?<\/strong><\/p><ul><li><span style=\"font-weight: 400;\">aj\u00e1nd\u00e9k 1db 15ml-es Biodroga 50 faktoros f\u00e9nyv\u00e9d\u0151 \u00e1pol\u00f3 nappali kr\u00e9m (\u00e9rt\u00e9ke 5.000Ft)*<\/span><\/li><li>a k\u00fara id\u0151tartama alatt v\u00e1s\u00e1rolt Biodroga term\u00e9k \u00e1r\u00e1b\u00f3l -10% kedvezm\u00e9nyt kapsz *<\/li><li>amennyibe 6. kezel\u00e9sre is sor ker\u00fcl, akkor az kedvezm\u00e9nyes 50%-os (14.250Ft\/6. alkalom) \u00e1ron vehet\u0151 ig\u00e9nybe*<\/li><\/ul><p>*Az aj\u00e1nlat\u00a0 egy\u00f6sszeg\u0171 fizet\u00e9s eset\u00e9n \u00e9rv\u00e9nyes.<\/p>\t\t\t\t\t\t<\/div>\n\t\t\t\t<\/div>\n\t\t\t\t\t<\/div>\n\t\t<\/div>\n\t\t\t\t<div class=\"elementor-column elementor-col-50 elementor-top-column elementor-element elementor-element-7b07d8e\" data-id=\"7b07d8e\" data-element_type=\"column\">\n\t\t\t<div class=\"elementor-widget-wrap elementor-element-populated\">\n\t\t\t\t\t\t\t\t<div class=\"elementor-element elementor-element-6e18463 elementor-icon-list--layout-traditional elementor-list-item-link-full_width elementor-widget elementor-widget-icon-list\" data-id=\"6e18463\" data-element_type=\"widget\" data-widget_type=\"icon-list.default\">\n\t\t\t\t<div class=\"elementor-widget-container\">\n\t\t\t\t\t<ul class=\"elementor-icon-list-items\">\n\t\t\t\t\t\t\t<li class=\"elementor-icon-list-item\">\n\t\t\t\t\t\t\t\t\t\t\t<span class=\"elementor-icon-list-icon\">\n\t\t\t\t\t\t\t<i aria-hidden=\"true\" class=\"fas fa-check\"><\/i>\t\t\t\t\t\t<\/span>\n\t\t\t\t\t\t\t\t\t\t<span class=\"elementor-icon-list-text\">Biodroga savas h\u00e1mlaszt\u00e1s mikront\u0171s hat\u00f3anyagbevitellel kombin\u00e1lva<\/span>\n\t\t\t\t\t\t\t\t\t<\/li>\n\t\t\t\t\t\t<\/ul>\n\t\t\t\t<\/div>\n\t\t\t\t<\/div>\n\t\t\t\t<div class=\"elementor-element elementor-element-191967c elementor-widget elementor-widget-text-editor\" data-id=\"191967c\" data-element_type=\"widget\" data-widget_type=\"text-editor.default\">\n\t\t\t\t<div class=\"elementor-widget-container\">\n\t\t\t\t\t\t\t<p><strong>Az 5 alkalmas kezel\u00e9ssorozat \u00e1ra: 152.500Ft.*<\/strong><\/p><p><strong>Mi\u00e9rt \u00e9rdemes az 5 alkalmas k\u00far\u00e1t v\u00e1lasztanod?<\/strong><\/p><ul><li><span style=\"font-weight: 400;\">aj\u00e1nd\u00e9k 1db 15ml-es Biodroga 50 faktoros f\u00e9nyv\u00e9d\u0151 \u00e1pol\u00f3 nappali kr\u00e9m (\u00e9rt\u00e9ke 5.000Ft)*<\/span><\/li><li>a k\u00fara id\u0151tartama alatt v\u00e1s\u00e1rolt Biodroga term\u00e9k \u00e1r\u00e1b\u00f3l -10% kedvezm\u00e9nyt kapsz*<\/li><li>a k\u00fara tartalmazza a dermaroller \u00e1r\u00e1t<\/li><li>amennyibe 6. kezel\u00e9sre is sor ker\u00fcl, akkor az kedvezm\u00e9nyes 50%-os (15.250Ft\/6. alkalom) \u00e1ron vehet\u0151 ig\u00e9nybe*<\/li><\/ul><p>*Az aj\u00e1nlat\u00a0 egy\u00f6sszeg\u0171 fizet\u00e9s eset\u00e9n \u00e9rv\u00e9nyes.\u00a0<\/p>\t\t\t\t\t\t<\/div>\n\t\t\t\t<\/div>\n\t\t\t\t\t<\/div>\n\t\t<\/div>\n\t\t\t\t\t\t\t<\/div>\n\t\t<\/section>\n\t\t\t\t\t\t<\/div>\n\t\t\t\t\t<\/div>\n\t\t","protected":false},"excerpt":{"rendered":"<p>Biodroga professzion\u00e1lis savas h\u00e1mlaszt\u00e1s \u00a0 A savas h\u00e1mlaszt\u00e1s az egyik legkedveltebb \u00e9s leghat\u00e9konyabb kozmetikai elj\u00e1r\u00e1s. Seg\u00edts\u00e9g\u00e9vel k\u00edm\u00e9letesen, m\u00e9gis jelent\u0151sen nagyobb hat\u00e1sfokkal, mint egy arcrad\u00edroz\u00e1ssal, vagy enzimes peelinggel, t\u00f6k\u00e9letesen el tudjuk t\u00e1vol\u00edtani az elhalt h\u00e1msejtek egy r\u00e9sz\u00e9t.\u00a0 A savas h\u00e1mlaszt\u00e1s hat\u00e1smechanizmusa az, hogy a felsz\u00edni, elhalt h\u00e1msejtek megbont\u00e1sa r\u00e9v\u00e9n beind\u00edtja a b\u0151r \u00f6ngy\u00f3gy\u00edt\u00f3, regener\u00e1l\u00f3 folyamatait, \u00edgy [&hellip;]<\/p>\n","protected":false},"author":1,"featured_media":0,"parent":0,"menu_order":0,"comment_status":"closed","ping_status":"closed","template":"","meta":{"footnotes":""},"class_list":["post-1342","page","type-page","status-publish","hentry","entry"],"yoast_head":"<!-- This site is optimized with the Yoast SEO plugin v17.0 - https:\/\/yoast.com\/wordpress\/plugins\/seo\/ -->\n<title>Savas h\u00e1mlaszt\u00f3 kezel\u00e9sek - Sz\u00e9ps\u00e9gEsszencia Kozmetika<\/title>\n<meta name=\"description\" content=\"\u00daj\u00edtsd meg b\u0151r\u00f6det savas h\u00e1mlaszt\u00f3 kezel\u00e9seimmel! Szeretettel v\u00e1rlak a Sz\u00e9ps\u00e9gEsszencia Kozmetik\u00e1ban Budapesten, XI. ker\u00fcletben!\" \/>\n<meta name=\"robots\" content=\"index, follow, max-snippet:-1, max-image-preview:large, max-video-preview:-1\" \/>\n<link rel=\"canonical\" href=\"https:\/\/szepsegesszenciakozmetika.hu\/index.php\/savas-hamlaszto-kezelesek\/\" \/>\n<meta property=\"og:locale\" content=\"en_US\" \/>\n<meta property=\"og:type\" content=\"article\" \/>\n<meta property=\"og:title\" content=\"Savas h\u00e1mlaszt\u00f3 kezel\u00e9sek - Sz\u00e9ps\u00e9gEsszencia Kozmetika\" \/>\n<meta property=\"og:description\" content=\"\u00daj\u00edtsd meg b\u0151r\u00f6det savas h\u00e1mlaszt\u00f3 kezel\u00e9seimmel! Szeretettel v\u00e1rlak a Sz\u00e9ps\u00e9gEsszencia Kozmetik\u00e1ban Budapesten, XI. ker\u00fcletben!\" \/>\n<meta property=\"og:url\" content=\"https:\/\/szepsegesszenciakozmetika.hu\/index.php\/savas-hamlaszto-kezelesek\/\" \/>\n<meta property=\"og:site_name\" content=\"Sz\u00e9ps\u00e9gEsszencia Kozmetika\" \/>\n<meta property=\"article:modified_time\" content=\"2025-09-30T05:20:10+00:00\" \/>\n<meta property=\"og:image\" content=\"https:\/\/szepsegesszenciakozmetika.hu\/wp-content\/uploads\/2023\/10\/biodroga-szepseg-kozmetika-termek-szepsegapolas-Biodroga-Bioscience-medical-Biodroga-professzionalis-savak-2-1024x684.jpg\" \/>\n<meta name=\"twitter:card\" content=\"summary_large_image\" \/>\n<meta name=\"twitter:label1\" content=\"Est. reading time\" \/>\n\t<meta name=\"twitter:data1\" content=\"3 minutes\" \/>\n<script type=\"application\/ld+json\" class=\"yoast-schema-graph\">{\"@context\":\"https:\/\/schema.org\",\"@graph\":[{\"@type\":\"WebSite\",\"@id\":\"https:\/\/szepsegesszenciakozmetika.hu\/#website\",\"url\":\"https:\/\/szepsegesszenciakozmetika.hu\/\",\"name\":\"Sz\\u00e9ps\\u00e9gEsszencia Kozmetika\",\"description\":\"Sz\\u00e9ps\\u00e9gEsszencia Kozmetika\",\"potentialAction\":[{\"@type\":\"SearchAction\",\"target\":{\"@type\":\"EntryPoint\",\"urlTemplate\":\"https:\/\/szepsegesszenciakozmetika.hu\/?s={search_term_string}\"},\"query-input\":\"required name=search_term_string\"}],\"inLanguage\":\"en-US\"},{\"@type\":\"ImageObject\",\"@id\":\"https:\/\/szepsegesszenciakozmetika.hu\/index.php\/savas-hamlaszto-kezelesek\/#primaryimage\",\"inLanguage\":\"en-US\",\"url\":\"https:\/\/szepsegesszenciakozmetika.hu\/wp-content\/uploads\/2023\/10\/biodroga-szepseg-kozmetika-termek-szepsegapolas-Biodroga-Bioscience-medical-Biodroga-professzionalis-savak-2.jpg\",\"contentUrl\":\"https:\/\/szepsegesszenciakozmetika.hu\/wp-content\/uploads\/2023\/10\/biodroga-szepseg-kozmetika-termek-szepsegapolas-Biodroga-Bioscience-medical-Biodroga-professzionalis-savak-2.jpg\",\"width\":2097,\"height\":1400},{\"@type\":\"WebPage\",\"@id\":\"https:\/\/szepsegesszenciakozmetika.hu\/index.php\/savas-hamlaszto-kezelesek\/#webpage\",\"url\":\"https:\/\/szepsegesszenciakozmetika.hu\/index.php\/savas-hamlaszto-kezelesek\/\",\"name\":\"Savas h\\u00e1mlaszt\\u00f3 kezel\\u00e9sek - Sz\\u00e9ps\\u00e9gEsszencia Kozmetika\",\"isPartOf\":{\"@id\":\"https:\/\/szepsegesszenciakozmetika.hu\/#website\"},\"primaryImageOfPage\":{\"@id\":\"https:\/\/szepsegesszenciakozmetika.hu\/index.php\/savas-hamlaszto-kezelesek\/#primaryimage\"},\"datePublished\":\"2023-09-08T09:38:07+00:00\",\"dateModified\":\"2025-09-30T05:20:10+00:00\",\"description\":\"\\u00daj\\u00edtsd meg b\\u0151r\\u00f6det savas h\\u00e1mlaszt\\u00f3 kezel\\u00e9seimmel! Szeretettel v\\u00e1rlak a Sz\\u00e9ps\\u00e9gEsszencia Kozmetik\\u00e1ban Budapesten, XI. ker\\u00fcletben!\",\"breadcrumb\":{\"@id\":\"https:\/\/szepsegesszenciakozmetika.hu\/index.php\/savas-hamlaszto-kezelesek\/#breadcrumb\"},\"inLanguage\":\"en-US\",\"potentialAction\":[{\"@type\":\"ReadAction\",\"target\":[\"https:\/\/szepsegesszenciakozmetika.hu\/index.php\/savas-hamlaszto-kezelesek\/\"]}]},{\"@type\":\"BreadcrumbList\",\"@id\":\"https:\/\/szepsegesszenciakozmetika.hu\/index.php\/savas-hamlaszto-kezelesek\/#breadcrumb\",\"itemListElement\":[{\"@type\":\"ListItem\",\"position\":1,\"name\":\"Home\",\"item\":\"https:\/\/szepsegesszenciakozmetika.hu\/\"},{\"@type\":\"ListItem\",\"position\":2,\"name\":\"Savas h\\u00e1mlaszt\\u00f3 kezel\\u00e9sek\"}]}]}<\/script>\n<!-- \/ Yoast SEO plugin. -->","yoast_head_json":{"title":"Savas h\u00e1mlaszt\u00f3 kezel\u00e9sek - Sz\u00e9ps\u00e9gEsszencia Kozmetika","description":"\u00daj\u00edtsd meg b\u0151r\u00f6det savas h\u00e1mlaszt\u00f3 kezel\u00e9seimmel! Szeretettel v\u00e1rlak a Sz\u00e9ps\u00e9gEsszencia Kozmetik\u00e1ban Budapesten, XI. ker\u00fcletben!","robots":{"index":"index","follow":"follow","max-snippet":"max-snippet:-1","max-image-preview":"max-image-preview:large","max-video-preview":"max-video-preview:-1"},"canonical":"https:\/\/szepsegesszenciakozmetika.hu\/index.php\/savas-hamlaszto-kezelesek\/","og_locale":"en_US","og_type":"article","og_title":"Savas h\u00e1mlaszt\u00f3 kezel\u00e9sek - Sz\u00e9ps\u00e9gEsszencia Kozmetika","og_description":"\u00daj\u00edtsd meg b\u0151r\u00f6det savas h\u00e1mlaszt\u00f3 kezel\u00e9seimmel! Szeretettel v\u00e1rlak a Sz\u00e9ps\u00e9gEsszencia Kozmetik\u00e1ban Budapesten, XI. ker\u00fcletben!","og_url":"https:\/\/szepsegesszenciakozmetika.hu\/index.php\/savas-hamlaszto-kezelesek\/","og_site_name":"Sz\u00e9ps\u00e9gEsszencia Kozmetika","article_modified_time":"2025-09-30T05:20:10+00:00","og_image":[{"url":"https:\/\/szepsegesszenciakozmetika.hu\/wp-content\/uploads\/2023\/10\/biodroga-szepseg-kozmetika-termek-szepsegapolas-Biodroga-Bioscience-medical-Biodroga-professzionalis-savak-2-1024x684.jpg"}],"twitter_card":"summary_large_image","twitter_misc":{"Est. reading time":"3 minutes"},"schema":{"@context":"https:\/\/schema.org","@graph":[{"@type":"WebSite","@id":"https:\/\/szepsegesszenciakozmetika.hu\/#website","url":"https:\/\/szepsegesszenciakozmetika.hu\/","name":"Sz\u00e9ps\u00e9gEsszencia Kozmetika","description":"Sz\u00e9ps\u00e9gEsszencia Kozmetika","potentialAction":[{"@type":"SearchAction","target":{"@type":"EntryPoint","urlTemplate":"https:\/\/szepsegesszenciakozmetika.hu\/?s={search_term_string}"},"query-input":"required name=search_term_string"}],"inLanguage":"en-US"},{"@type":"ImageObject","@id":"https:\/\/szepsegesszenciakozmetika.hu\/index.php\/savas-hamlaszto-kezelesek\/#primaryimage","inLanguage":"en-US","url":"https:\/\/szepsegesszenciakozmetika.hu\/wp-content\/uploads\/2023\/10\/biodroga-szepseg-kozmetika-termek-szepsegapolas-Biodroga-Bioscience-medical-Biodroga-professzionalis-savak-2.jpg","contentUrl":"https:\/\/szepsegesszenciakozmetika.hu\/wp-content\/uploads\/2023\/10\/biodroga-szepseg-kozmetika-termek-szepsegapolas-Biodroga-Bioscience-medical-Biodroga-professzionalis-savak-2.jpg","width":2097,"height":1400},{"@type":"WebPage","@id":"https:\/\/szepsegesszenciakozmetika.hu\/index.php\/savas-hamlaszto-kezelesek\/#webpage","url":"https:\/\/szepsegesszenciakozmetika.hu\/index.php\/savas-hamlaszto-kezelesek\/","name":"Savas h\u00e1mlaszt\u00f3 kezel\u00e9sek - Sz\u00e9ps\u00e9gEsszencia Kozmetika","isPartOf":{"@id":"https:\/\/szepsegesszenciakozmetika.hu\/#website"},"primaryImageOfPage":{"@id":"https:\/\/szepsegesszenciakozmetika.hu\/index.php\/savas-hamlaszto-kezelesek\/#primaryimage"},"datePublished":"2023-09-08T09:38:07+00:00","dateModified":"2025-09-30T05:20:10+00:00","description":"\u00daj\u00edtsd meg b\u0151r\u00f6det savas h\u00e1mlaszt\u00f3 kezel\u00e9seimmel! Szeretettel v\u00e1rlak a Sz\u00e9ps\u00e9gEsszencia Kozmetik\u00e1ban Budapesten, XI. ker\u00fcletben!","breadcrumb":{"@id":"https:\/\/szepsegesszenciakozmetika.hu\/index.php\/savas-hamlaszto-kezelesek\/#breadcrumb"},"inLanguage":"en-US","potentialAction":[{"@type":"ReadAction","target":["https:\/\/szepsegesszenciakozmetika.hu\/index.php\/savas-hamlaszto-kezelesek\/"]}]},{"@type":"BreadcrumbList","@id":"https:\/\/szepsegesszenciakozmetika.hu\/index.php\/savas-hamlaszto-kezelesek\/#breadcrumb","itemListElement":[{"@type":"ListItem","position":1,"name":"Home","item":"https:\/\/szepsegesszenciakozmetika.hu\/"},{"@type":"ListItem","position":2,"name":"Savas h\u00e1mlaszt\u00f3 kezel\u00e9sek"}]}]}},"_links":{"self":[{"href":"https:\/\/szepsegesszenciakozmetika.hu\/index.php\/wp-json\/wp\/v2\/pages\/1342","targetHints":{"allow":["GET"]}}],"collection":[{"href":"https:\/\/szepsegesszenciakozmetika.hu\/index.php\/wp-json\/wp\/v2\/pages"}],"about":[{"href":"https:\/\/szepsegesszenciakozmetika.hu\/index.php\/wp-json\/wp\/v2\/types\/page"}],"author":[{"embeddable":true,"href":"https:\/\/szepsegesszenciakozmetika.hu\/index.php\/wp-json\/wp\/v2\/users\/1"}],"replies":[{"embeddable":true,"href":"https:\/\/szepsegesszenciakozmetika.hu\/index.php\/wp-json\/wp\/v2\/comments?post=1342"}],"version-history":[{"count":67,"href":"https:\/\/szepsegesszenciakozmetika.hu\/index.php\/wp-json\/wp\/v2\/pages\/1342\/revisions"}],"predecessor-version":[{"id":3085,"href":"https:\/\/szepsegesszenciakozmetika.hu\/index.php\/wp-json\/wp\/v2\/pages\/1342\/revisions\/3085"}],"wp:attachment":[{"href":"https:\/\/szepsegesszenciakozmetika.hu\/index.php\/wp-json\/wp\/v2\/media?parent=1342"}],"curies":[{"name":"wp","href":"https:\/\/api.w.org\/{rel}","templated":true}]}}